{"id":61,"date":"2020-01-23T18:21:52","date_gmt":"2020-01-23T18:21:52","guid":{"rendered":"https:\/\/demosites.io\/marketing-agency-gb\/?page_id=61"},"modified":"2025-06-02T18:50:18","modified_gmt":"2025-06-02T17:50:18","slug":"bcd31-about-us","status":"publish","type":"page","link":"https:\/\/optiker-bogen.de\/?page_id=61","title":{"rendered":"Unser Team"},"content":{"rendered":"\t\t<div data-elementor-type=\"wp-page\" data-elementor-id=\"61\" class=\"elementor elementor-61\">\n\t\t\t\t<div class=\"elementor-element elementor-element-2e186819 e-flex e-con-boxed e-con e-parent\" data-id=\"2e186819\" data-element_type=\"container\">\n\t\t\t\t\t<div class=\"e-con-inner\">\n\t\t\t\t<div class=\"elementor-element elementor-element-671f48c4 elementor-widget elementor-widget-text-editor\" data-id=\"671f48c4\" data-element_type=\"widget\" data-widget_type=\"text-editor.default\">\n\t\t\t\t<div class=\"elementor-widget-container\">\n\t\t\t\t\t\t\t\t\t<p><\/p>\n<p class=\"has-text-align-center has-black-color has-text-color has-link-color has-large-font-size wp-elements-1999f8f474ddb67454f28093d2cd84c7\" style=\"font-style: normal;\">Ihre AnsprechpartnerInnen f\u00fcr gutes Sehen.<\/p>\n<p><\/p>\n<p class=\"has-text-align-center has-black-color has-text-color has-link-color has-large-font-size wp-elements-545abbb17e0931197d78fdcdc06079d0\" style=\"font-style: normal;\">Freundlichkeit, Fachkompetenz und Erfahrung<\/p>\n<p><\/p>\n<div class=\"wp-block-columns is-layout-flex wp-container-core-columns-is-layout-9d6595d7 wp-block-columns-is-layout-flex\">\n<p><\/p>\n<div class=\"wp-block-column is-layout-flow wp-block-column-is-layout-flow\" style=\"flex-basis: 100%;\">\n<p><\/p>\n<div class=\"wp-block-columns is-layout-flex wp-container-core-columns-is-layout-9d6595d7 wp-block-columns-is-layout-flex\">\n<p><\/p>\n<div class=\"wp-block-column is-layout-flow wp-block-column-is-layout-flow\">\n<p><\/p>\n<figure class=\"wp-block-gallery has-nested-images columns-default is-cropped wp-block-gallery-2 is-layout-flex wp-block-gallery-is-layout-flex\">\n<p>\u00a0<\/p>\n<figure class=\"wp-block-image size-large\"><img fetchpriority=\"high\" decoding=\"async\" width=\"1024\" height=\"1024\" data-id=\"1198\" class=\"wp-image-1198\" src=\"https:\/\/optiker-bogen.de\/wp-content\/uploads\/2025\/06\/PXL_20250410_073502855.PORTRAIT.ORIGINAL2-scaled-e1748864925843-1024x1024.jpg\" alt=\"\" srcset=\"https:\/\/optiker-bogen.de\/wp-content\/uploads\/2025\/06\/PXL_20250410_073502855.PORTRAIT.ORIGINAL2-scaled-e1748864925843-1024x1024.jpg 1024w, https:\/\/optiker-bogen.de\/wp-content\/uploads\/2025\/06\/PXL_20250410_073502855.PORTRAIT.ORIGINAL2-scaled-e1748864925843-300x300.jpg 300w, https:\/\/optiker-bogen.de\/wp-content\/uploads\/2025\/06\/PXL_20250410_073502855.PORTRAIT.ORIGINAL2-scaled-e1748864925843-150x150.jpg 150w, https:\/\/optiker-bogen.de\/wp-content\/uploads\/2025\/06\/PXL_20250410_073502855.PORTRAIT.ORIGINAL2-scaled-e1748864925843-768x769.jpg 768w, https:\/\/optiker-bogen.de\/wp-content\/uploads\/2025\/06\/PXL_20250410_073502855.PORTRAIT.ORIGINAL2-scaled-e1748864925843-1534x1536.jpg 1534w, https:\/\/optiker-bogen.de\/wp-content\/uploads\/2025\/06\/PXL_20250410_073502855.PORTRAIT.ORIGINAL2-scaled-e1748864925843-60x60.jpg 60w, https:\/\/optiker-bogen.de\/wp-content\/uploads\/2025\/06\/PXL_20250410_073502855.PORTRAIT.ORIGINAL2-scaled-e1748864925843.jpg 1928w\" sizes=\"(max-width: 1024px) 100vw, 1024px\" \/><\/figure>\n<p><\/p>\n<\/figure>\n<p><\/p>\n<h3 class=\"wp-block-heading has-text-align-center has-neve-text-color-color has-text-color has-medium-font-size\" style=\"font-style: normal; font-weight: bold;\"><mark class=\"has-inline-color has-black-color\" style=\"background-color: rgba(0, 0, 0, 0);\">Franz Anzinger<\/mark><\/h3>\n<p>\u00a0<\/p>\n<p><strong>Inhaber, staatlich gepr\u00fcfter Augenoptiker und Augenoptikmeister<\/strong><\/p>\n<p><\/p>\n<p class=\"has-text-align-center has-small-font-size\">Unser Capitano<br \/>Brille, Kontaktlinse, Refraktion, Werkstatt und vergr\u00f6\u00dfernde Sehhilfen<\/p>\n<p><\/p>\n<\/div>\n<p><\/p>\n<div class=\"wp-block-column is-layout-flow wp-block-column-is-layout-flow\">\n<p><\/p>\n<figure class=\"wp-block-image size-large\"><img decoding=\"async\" width=\"1024\" height=\"1024\" class=\"wp-image-1052\" src=\"https:\/\/optiker-bogen.de\/wp-content\/uploads\/2025\/04\/PXL_20250402_092853300.PORTRAIT30-1024x1024.jpg\" alt=\"\" srcset=\"https:\/\/optiker-bogen.de\/wp-content\/uploads\/2025\/04\/PXL_20250402_092853300.PORTRAIT30-1024x1024.jpg 1024w, https:\/\/optiker-bogen.de\/wp-content\/uploads\/2025\/04\/PXL_20250402_092853300.PORTRAIT30-300x300.jpg 300w, https:\/\/optiker-bogen.de\/wp-content\/uploads\/2025\/04\/PXL_20250402_092853300.PORTRAIT30-150x150.jpg 150w, https:\/\/optiker-bogen.de\/wp-content\/uploads\/2025\/04\/PXL_20250402_092853300.PORTRAIT30-768x768.jpg 768w, https:\/\/optiker-bogen.de\/wp-content\/uploads\/2025\/04\/PXL_20250402_092853300.PORTRAIT30-1536x1536.jpg 1536w, https:\/\/optiker-bogen.de\/wp-content\/uploads\/2025\/04\/PXL_20250402_092853300.PORTRAIT30-2048x2048.jpg 2048w, https:\/\/optiker-bogen.de\/wp-content\/uploads\/2025\/04\/PXL_20250402_092853300.PORTRAIT30-60x60.jpg 60w\" sizes=\"(max-width: 1024px) 100vw, 1024px\" \/><\/figure>\n<p><\/p>\n<h3 class=\"wp-block-heading has-text-align-center has-neve-text-color-color has-text-color has-medium-font-size\" style=\"font-style: normal; font-weight: bold;\">Kerstin Schuhmann<\/h3>\n<p>\u00a0<\/p>\n<p><strong>Augenoptikerin<\/strong><\/p>\n<p><\/p>\n<p class=\"has-text-align-center has-small-font-size\">Starcke&#8217;s Urgestein, <br \/>kennt jeden und umgekehrt<br \/>Brille, Refraktion, Werkstatt und Einkauf<\/p>\n<p><\/p>\n<\/div>\n<p><\/p>\n<div class=\"wp-block-column is-layout-flow wp-block-column-is-layout-flow\">\n<p><\/p>\n<figure class=\"wp-block-image size-large\"><img decoding=\"async\" width=\"1024\" height=\"1024\" class=\"wp-image-1053\" src=\"https:\/\/optiker-bogen.de\/wp-content\/uploads\/2025\/04\/PXL_20250402_09305655222-1024x1024.jpg\" alt=\"\" srcset=\"https:\/\/optiker-bogen.de\/wp-content\/uploads\/2025\/04\/PXL_20250402_09305655222-1024x1024.jpg 1024w, https:\/\/optiker-bogen.de\/wp-content\/uploads\/2025\/04\/PXL_20250402_09305655222-300x300.jpg 300w, https:\/\/optiker-bogen.de\/wp-content\/uploads\/2025\/04\/PXL_20250402_09305655222-150x150.jpg 150w, https:\/\/optiker-bogen.de\/wp-content\/uploads\/2025\/04\/PXL_20250402_09305655222-768x768.jpg 768w, https:\/\/optiker-bogen.de\/wp-content\/uploads\/2025\/04\/PXL_20250402_09305655222-1536x1536.jpg 1536w, https:\/\/optiker-bogen.de\/wp-content\/uploads\/2025\/04\/PXL_20250402_09305655222-2048x2048.jpg 2048w\" sizes=\"(max-width: 1024px) 100vw, 1024px\" \/><\/figure>\n<p><\/p>\n<h3 class=\"wp-block-heading has-text-align-center has-neve-text-color-color has-text-color has-medium-font-size\">Tanja Pletz<\/h3>\n<p>\u00a0<\/p>\n<p><strong>Augenoptikerin<\/strong><\/p>\n<p><\/p>\n<p class=\"has-text-align-center has-small-font-size\">Unsere Dekoqueen<br \/>Brille, Kontaktlinsen, Refraktion, Werkstatt, Einkauf und vergr\u00f6\u00dfernde Sehhilfen<\/p>\n<p><\/p>\n<\/div>\n<p><\/p>\n<\/div>\n<p><\/p>\n<\/div>\n<p><\/p>\n<div class=\"wp-block-column is-layout-flow wp-block-column-is-layout-flow\">\u00a0<\/div>\n<p><\/p>\n<\/div>\n<p><\/p>\n<div class=\"wp-block-columns is-layout-flex wp-container-core-columns-is-layout-9d6595d7 wp-block-columns-is-layout-flex\">\n<p><\/p>\n<div class=\"wp-block-column is-layout-flow wp-block-column-is-layout-flow\">\n<p><\/p>\n<figure class=\"wp-block-image size-large\"><img loading=\"lazy\" decoding=\"async\" width=\"1020\" height=\"1024\" class=\"wp-image-1051\" src=\"https:\/\/optiker-bogen.de\/wp-content\/uploads\/2025\/04\/PXL_20250402_09320604822-1020x1024.jpg\" alt=\"\" srcset=\"https:\/\/optiker-bogen.de\/wp-content\/uploads\/2025\/04\/PXL_20250402_09320604822-1020x1024.jpg 1020w, https:\/\/optiker-bogen.de\/wp-content\/uploads\/2025\/04\/PXL_20250402_09320604822-300x300.jpg 300w, https:\/\/optiker-bogen.de\/wp-content\/uploads\/2025\/04\/PXL_20250402_09320604822-150x150.jpg 150w, https:\/\/optiker-bogen.de\/wp-content\/uploads\/2025\/04\/PXL_20250402_09320604822-768x771.jpg 768w, https:\/\/optiker-bogen.de\/wp-content\/uploads\/2025\/04\/PXL_20250402_09320604822-1530x1536.jpg 1530w, https:\/\/optiker-bogen.de\/wp-content\/uploads\/2025\/04\/PXL_20250402_09320604822-2040x2048.jpg 2040w, https:\/\/optiker-bogen.de\/wp-content\/uploads\/2025\/04\/PXL_20250402_09320604822-60x60.jpg 60w\" sizes=\"(max-width: 1020px) 100vw, 1020px\" \/><\/figure>\n<p><\/p>\n<h3 class=\"wp-block-heading has-text-align-center has-neve-text-color-color has-text-color has-medium-font-size\">Katharina Kraus<\/h3>\n<p>\u00a0<\/p>\n<p><strong>B.sc. Augenoptik\/Optometrie<\/strong><\/p>\n<p><\/p>\n<p class=\"has-text-align-center has-small-font-size\">&#8220;Wenn wieder mal nichts geht&#8221;<br \/>Kontaktlinsenspezialistin<br \/>Brille, Refraktion, Werkstatt, vergr\u00f6\u00dfernde Sehhilfen, Technik<\/p>\n<p><\/p>\n<\/div>\n<p><\/p>\n<div class=\"wp-block-column is-layout-flow wp-block-column-is-layout-flow\">\n<p><\/p>\n<figure class=\"wp-block-image size-large\"><img loading=\"lazy\" decoding=\"async\" width=\"1024\" height=\"1024\" class=\"wp-image-1203\" src=\"https:\/\/optiker-bogen.de\/wp-content\/uploads\/2025\/06\/PXL_20250414_072620129.PORTRAIT.ORIGINAL2-3-scaled-e1748865435657-1024x1024.jpg\" alt=\"\" srcset=\"https:\/\/optiker-bogen.de\/wp-content\/uploads\/2025\/06\/PXL_20250414_072620129.PORTRAIT.ORIGINAL2-3-scaled-e1748865435657-1024x1024.jpg 1024w, https:\/\/optiker-bogen.de\/wp-content\/uploads\/2025\/06\/PXL_20250414_072620129.PORTRAIT.ORIGINAL2-3-scaled-e1748865435657-300x300.jpg 300w, https:\/\/optiker-bogen.de\/wp-content\/uploads\/2025\/06\/PXL_20250414_072620129.PORTRAIT.ORIGINAL2-3-scaled-e1748865435657-150x150.jpg 150w, https:\/\/optiker-bogen.de\/wp-content\/uploads\/2025\/06\/PXL_20250414_072620129.PORTRAIT.ORIGINAL2-3-scaled-e1748865435657-768x768.jpg 768w, https:\/\/optiker-bogen.de\/wp-content\/uploads\/2025\/06\/PXL_20250414_072620129.PORTRAIT.ORIGINAL2-3-scaled-e1748865435657-60x60.jpg 60w, https:\/\/optiker-bogen.de\/wp-content\/uploads\/2025\/06\/PXL_20250414_072620129.PORTRAIT.ORIGINAL2-3-scaled-e1748865435657.jpg 1452w\" sizes=\"(max-width: 1024px) 100vw, 1024px\" \/><\/figure>\n<p><\/p>\n<h3 class=\"wp-block-heading has-text-align-center has-neve-text-color-color has-text-color has-medium-font-size\">Anna-Maria S\u00f6tz<\/h3>\n<p>\u00a0<\/p>\n<p><strong>Augenoptikerin<\/strong><\/p>\n<p><\/p>\n<p class=\"has-text-align-center has-small-font-size\">sorgt f\u00fcr angenehme Ordnung<br \/>Brille, Refraktion und Werkstatt<\/p>\n<p><\/p>\n<\/div>\n<p><\/p>\n<div class=\"wp-block-column is-layout-flow wp-block-column-is-layout-flow\">\n<p><\/p>\n<figure class=\"wp-block-image size-large\"><img loading=\"lazy\" decoding=\"async\" width=\"1024\" height=\"1024\" class=\"wp-image-1200\" src=\"https:\/\/optiker-bogen.de\/wp-content\/uploads\/2025\/06\/PXL_20250410_073628896.PORTRAIT.ORIGINAL-scaled-e1748865623998-1024x1024.jpg\" alt=\"\" srcset=\"https:\/\/optiker-bogen.de\/wp-content\/uploads\/2025\/06\/PXL_20250410_073628896.PORTRAIT.ORIGINAL-scaled-e1748865623998-1024x1024.jpg 1024w, https:\/\/optiker-bogen.de\/wp-content\/uploads\/2025\/06\/PXL_20250410_073628896.PORTRAIT.ORIGINAL-scaled-e1748865623998-300x300.jpg 300w, https:\/\/optiker-bogen.de\/wp-content\/uploads\/2025\/06\/PXL_20250410_073628896.PORTRAIT.ORIGINAL-scaled-e1748865623998-150x150.jpg 150w, https:\/\/optiker-bogen.de\/wp-content\/uploads\/2025\/06\/PXL_20250410_073628896.PORTRAIT.ORIGINAL-scaled-e1748865623998-768x769.jpg 768w, https:\/\/optiker-bogen.de\/wp-content\/uploads\/2025\/06\/PXL_20250410_073628896.PORTRAIT.ORIGINAL-scaled-e1748865623998-1534x1536.jpg 1534w, https:\/\/optiker-bogen.de\/wp-content\/uploads\/2025\/06\/PXL_20250410_073628896.PORTRAIT.ORIGINAL-scaled-e1748865623998-60x60.jpg 60w, https:\/\/optiker-bogen.de\/wp-content\/uploads\/2025\/06\/PXL_20250410_073628896.PORTRAIT.ORIGINAL-scaled-e1748865623998.jpg 1928w\" sizes=\"(max-width: 1024px) 100vw, 1024px\" \/><\/figure>\n<p><\/p>\n<h3 class=\"wp-block-heading has-text-align-center has-neve-text-color-color has-text-color has-medium-font-size\">Herbert Kroi\u00df<\/h3>\n<p>\u00a0<\/p>\n<p><strong>Augenoptiker<\/strong><\/p>\n<p><\/p>\n<p class=\"has-text-align-center has-small-font-size\">Herr der Werkstatt<br \/>Brille, Refraktion und Werkstatt<\/p>\n<p><\/p>\n<\/div>\n<p><\/p>\n<\/div>\n<p><\/p>\t\t\t\t\t\t\t\t<\/div>\n\t\t\t\t<\/div>\n\t\t\t\t\t<\/div>\n\t\t\t\t<\/div>\n\t\t\t\t<\/div>\n\t\t","protected":false},"excerpt":{"rendered":"<p>Ihre AnsprechpartnerInnen f\u00fcr gutes Sehen. Freundlichkeit, Fachkompetenz und Erfahrung Franz Anzinger \u00a0 Inhaber, staatlich gepr\u00fcfter Augenoptiker und Augenoptikmeister Unser CapitanoBrille, Kontaktlinse, Refraktion, Werkstatt und vergr\u00f6\u00dfernde Sehhilfen Kerstin Schuhmann \u00a0 Augenoptikerin Starcke&#8217;s Urgestein, kennt jeden und umgekehrtBrille, Refraktion, Werkstatt und Einkauf Tanja Pletz \u00a0 Augenoptikerin Unsere DekoqueenBrille, Kontaktlinsen, Refraktion, Werkstatt, Einkauf und vergr\u00f6\u00dfernde Sehhilfen \u00a0 Katharina &hellip; <\/p>\n","protected":false},"author":1,"featured_media":0,"parent":0,"menu_order":2,"comment_status":"closed","ping_status":"closed","template":"","meta":{"_themeisle_gutenberg_block_has_review":false,"footnotes":""},"class_list":["post-61","page","type-page","status-publish","hentry"],"_links":{"self":[{"href":"https:\/\/optiker-bogen.de\/index.php?rest_route=\/wp\/v2\/pages\/61","targetHints":{"allow":["GET"]}}],"collection":[{"href":"https:\/\/optiker-bogen.de\/index.php?rest_route=\/wp\/v2\/pages"}],"about":[{"href":"https:\/\/optiker-bogen.de\/index.php?rest_route=\/wp\/v2\/types\/page"}],"author":[{"embeddable":true,"href":"https:\/\/optiker-bogen.de\/index.php?rest_route=\/wp\/v2\/users\/1"}],"replies":[{"embeddable":true,"href":"https:\/\/optiker-bogen.de\/index.php?rest_route=%2Fwp%2Fv2%2Fcomments&post=61"}],"version-history":[{"count":20,"href":"https:\/\/optiker-bogen.de\/index.php?rest_route=\/wp\/v2\/pages\/61\/revisions"}],"predecessor-version":[{"id":1211,"href":"https:\/\/optiker-bogen.de\/index.php?rest_route=\/wp\/v2\/pages\/61\/revisions\/1211"}],"wp:attachment":[{"href":"https:\/\/optiker-bogen.de\/index.php?rest_route=%2Fwp%2Fv2%2Fmedia&parent=61"}],"curies":[{"name":"wp","href":"https:\/\/api.w.org\/{rel}","templated":true}]}}